{"version":"1.0","provider_name":"SIMUSAR","provider_url":"https:\/\/simusar.com.br\/wfe","author_name":"admin","author_url":"https:\/\/simusar.com.br\/wfe\/author\/admin\/","title":"Falta de Professores no Brasil Compromete Qualidade da Educa\u00e7\u00e3o - SIMUSAR","type":"rich","width":600,"height":338,"html":"<blockquote class=\"wp-embedded-content\" data-secret=\"WVzqXcY9hS\"><a href=\"https:\/\/simusar.com.br\/wfe\/educacao-no-presidio-estadual-de-santa-rosa\/\">Falta de Professores no Brasil Compromete Qualidade da Educa\u00e7\u00e3o<\/a><\/blockquote><iframe sandbox=\"allow-scripts\" security=\"restricted\" src=\"https:\/\/simusar.com.br\/wfe\/educacao-no-presidio-estadual-de-santa-rosa\/embed\/#?secret=WVzqXcY9hS\" width=\"600\" height=\"338\" title=\"&#8220;Falta de Professores no Brasil Compromete Qualidade da Educa\u00e7\u00e3o&#8221; &#8212; SIMUSAR\" data-secret=\"WVzqXcY9hS\" frameborder=\"0\" marginwidth=\"0\" marginheight=\"0\" scrolling=\"no\" class=\"wp-embedded-content\"><\/iframe><script type=\"text\/javascript\">\n\/* <![CDATA[ *\/\n\/*! This file is auto-generated *\/\n!function(d,l){\"use strict\";l.querySelector&&d.addEventListener&&\"undefined\"!=typeof URL&&(d.wp=d.wp||{},d.wp.receiveEmbedMessage||(d.wp.receiveEmbedMessage=function(e){var t=e.data;if((t||t.secret||t.message||t.value)&&!\/[^a-zA-Z0-9]\/.test(t.secret)){for(var s,r,n,a=l.querySelectorAll('iframe[data-secret=\"'+t.secret+'\"]'),o=l.querySelectorAll('blockquote[data-secret=\"'+t.secret+'\"]'),c=new RegExp(\"^https?:$\",\"i\"),i=0;i<o.length;i++)o[i].style.display=\"none\";for(i=0;i<a.length;i++)s=a[i],e.source===s.contentWindow&&(s.removeAttribute(\"style\"),\"height\"===t.message?(1e3<(r=parseInt(t.value,10))?r=1e3:~~r<200&&(r=200),s.height=r):\"link\"===t.message&&(r=new URL(s.getAttribute(\"src\")),n=new URL(t.value),c.test(n.protocol))&&n.host===r.host&&l.activeElement===s&&(d.top.location.href=t.value))}},d.addEventListener(\"message\",d.wp.receiveEmbedMessage,!1),l.addEventListener(\"DOMContentLoaded\",function(){for(var e,t,s=l.querySelectorAll(\"iframe.wp-embedded-content\"),r=0;r<s.length;r++)(t=(e=s[r]).getAttribute(\"data-secret\"))||(t=Math.random().toString(36).substring(2,12),e.src+=\"#?secret=\"+t,e.setAttribute(\"data-secret\",t)),e.contentWindow.postMessage({message:\"ready\",secret:t},\"*\")},!1)))}(window,document);\n\/\/# sourceURL=https:\/\/simusar.com.br\/wfe\/wp-includes\/js\/wp-embed.min.js\n\/* ]]> *\/\n<\/script>\n","thumbnail_url":"http:\/\/simusar.com.br\/wfe\/wp-content\/uploads\/2024\/08\/Sala-de-aula-vazia.jpeg","thumbnail_width":900,"thumbnail_height":600,"description":"O d\u00e9ficit de professores no Brasil tem se revelado uma crise persistente que afeta diretamente a qualidade da educa\u00e7\u00e3o em todo o pa\u00eds. O problema, que atinge principalmente \u00e1reas espec\u00edficas e regi\u00f5es mais vulner\u00e1veis, est\u00e1 longe de ser resolvido e exige aten\u00e7\u00e3o urgente das autoridades. Em disciplinas como Matem\u00e1tica, F\u00edsica e Qu\u00edmica, a escassez de [&hellip;]"}